{"id":230,"date":"2023-11-14T18:01:30","date_gmt":"2023-11-14T18:01:30","guid":{"rendered":"http:\/\/restaurantmiravall.com\/declaracion-de-accesibilidad\/"},"modified":"2023-11-14T18:40:45","modified_gmt":"2023-11-14T18:40:45","slug":"declaracion-de-accesibilidad","status":"publish","type":"page","link":"https:\/\/restaurantmiravall.com\/es\/declaracion-de-accesibilidad\/","title":{"rendered":"Declaraci\u00f3n de accesibilidad"},"content":{"rendered":"\n<div style=\"height:121px\" aria-hidden=\"true\" class=\"wp-block-spacer\"><\/div>\n\n<h2 class=\"wp-block-heading\">Declaraci\u00f3n de accesibilidad<\/h2>\n\n<p><strong>Restaurant Miravall<\/strong> se ha comprometido a hacer accesibles sus sitios web de conformidad con el <a href=\"https:\/\/www.boe.es\/buscar\/act.php?id=BOE-A-2018-12699\">Real Decreto 1112\/2018, de 7 de septiembre<\/a>, sobre accesibilidad de los sitios web y aplicaciones para dispositivos m\u00f3viles del sector p\u00fablico (en adelante Real Decreto 1112\/2018, de 7 de septiembre). Esta declaraci\u00f3n de accesibilidad se aplica en el sitio web <a href=\"http:\/\/restaurantmiravall.com\/es\/\">http:\/\/restaurantmiravall.com<\/a> (los subdominios de este sitio web tendr\u00e1n declaraciones de accesibilidad propias). <strong>Situaci\u00f3n de cumplimiento<\/strong> Este sitio web es <strong>parcialmente conforme<\/strong> al Real decreto 1112\/2018, de 7 de septiembre, debido a la falta de conformidad de los aspectos que se indican a continuaci\u00f3n.<\/p>\n\n<p><strong>Contenido no accesible<\/strong><br\/>El contenido que se recoge a continuaci\u00f3n no es accesible por lo siguiente:<\/p>\n\n<ol class=\"wp-block-list\">\n<li><strong>Carece de conformidad con el Real Decreto 1112\/2018, de 7 de septiembre<\/strong>: podr\u00edan existir errores puntuales de edici\u00f3n en alguna p\u00e1gina web, tanto en contenidos HTML como en documentos finales, publicados en fecha posterior al 20 de septiembre de 2018 (fecha de entrada en vigor del Real decreto 1112\/2018, de 7 de septiembre ). Concretamente puede haber errores en aquellos documentos que contienen gr\u00e1ficos, tablas complejas o en aquellos firmados electr\u00f3nicamente antes de la revisi\u00f3n de accesibilidad. <\/li>\n\n\n\n<li><strong>Carga desproporcionada<\/strong>: no se aplica.<\/li>\n\n\n\n<li>El contenido <strong>no entra en el \u00e1mbito de la legislaci\u00f3n aplicable<\/strong>: Existen archivos ofim\u00e1ticos en PDF u otros formatos publicados antes del 20 de septiembre de 2018 que no cumplen totalmente todos los requisitos de accesibilidad; tambi\u00e9n pueden estar en esta situaci\u00f3n contenidos de terceros no financiados, ni desarrollados, ni bajo control de este Ministerio.<\/li>\n<\/ol>\n\n<p><strong>Preparaci\u00f3n de esta declaraci\u00f3n de accesibilidad<\/strong><\/p>\n\n<p>Esta declaraci\u00f3n fue preparada el 26 de septiembre de 2023.<\/p>\n\n<p>El m\u00e9todo empleado para preparar la declaraci\u00f3n ha sido una autoevaluaci\u00f3n llevada a cabo por el propio organismo.<\/p>\n\n<p>\u00daltima revisi\u00f3n de la declaraci\u00f3n: 5 de octubre de 2023.<\/p>\n\n<p><strong>Observaciones y datos de contacto<\/strong><\/p>\n\n<p>Puede realizar comunicaciones sobre requisitos de accesibilidad (art\u00edculo 10.2.a) del Real decreto 1112\/2018, de 7 de septiembre) como, por ejemplo:<\/p>\n\n<p>\u2013 Informar sobre cualquier posible incumplimiento por parte de este sitio web.<br\/>\u2013 Transmitir otras dificultades de acceso al contenido.<br\/>\u2013 Formular cualquier otra consulta o sugerencia de mejora relativa a la accesibilidad del sitio web.<\/p>\n\n<p>A trav\u00e9s de las siguientes v\u00edas:<\/p>\n\n<p>\u2013 Correo electr\u00f3nico: reserves@restaurantmiravall.com<br\/>\u2013 Tel\u00e8fono: +34 977 43 04 85<br\/>\u2013 Cumplimentar el formulario de la p\u00e1gina.<\/p>\n\n<p>Las comunicaciones ser\u00e1n recibidas y tratadas por la Subdirecci\u00f3n General de Servicios Web, Transparencia y Protecci\u00f3n de Datos (Secretar\u00eda General T\u00e9cnica), como unidad responsable de los contenidos de este sitio web.<\/p>\n\n<p>Tambi\u00e9n puede solicitar en formato accesible informaci\u00f3n que no cumpla con los requisitos de accesibilidad bien por estar excluida, bien por estar exenta por carga desproporcionada; o formular una queja por incumplimiento de los requisitos de accesibilidad. Enlace al <a href=\"https:\/\/sedeminhap.gob.es\/es-ES\/Organos\/SecretariaGeneralTecnica\/Procedimientos\/Paginas\/Default.aspx?IdProcedimiento=1770&amp;p=3\">proc<\/a><a href=\"https:\/\/sedeminhap.gob.es\/es-ES\/Organos\/SecretariaGeneralTecnica\/Procedimientos\/Paginas\/Default.aspx?IdProcedimiento=1770&amp;p=3\" target=\"_blank\" rel=\"noreferrer noopener\">edimiento de solicitud de informaci\u00f3n accesible y quejas<\/a> del art\u00edculo 12 del Real Decreto 1112\/2018, de 7 de septiembre. <\/p>\n\n<p><strong>Procedimiento de aplicaci\u00f3n<\/strong><\/p>\n\n<p>A trav\u00e9s de este procedimiento podr\u00e1 iniciar una reclamaci\u00f3n para conocer y oponerse a los motivos de la desestimaci\u00f3n de una solicitud de informaci\u00f3n accesible o queja, instar la adopci\u00f3n de las medidas oportunas en caso de no estar de acuerdo con la decisi\u00f3n adoptada, o exponer las razones por las que se considera que la respuesta no cumple con los requisitos exigidos.<\/p>\n\n<p>Enlace al <a href=\"https:\/\/sedeminhap.gob.es\/es-ES\/Organos\/SecretariaGeneralTecnica\/Procedimientos\/Paginas\/Default.aspx?IdProcedimiento=1771&amp;p=2\" target=\"_blank\" rel=\"noreferrer noopener\">procedimiento de reclamaci\u00f3n<\/a>, que debe dirigirse a la Unidad responsable de accesibilidad de este Ministerio, o si la reclamaci\u00f3n es por una actuaci\u00f3n de esta Unidad, el superior jer\u00e1rquico de la misma.<\/p>\n\n<p><strong>Contenido opcional<\/strong><\/p>\n\n<p>La versi\u00f3n actualmente visible de este sitio web es de septiembre de octubre de 2023 y en esta fecha se hizo la revisi\u00f3n del nivel de accesibilidad vigente en ese momento.<\/p>\n\n<p>A partir de la fecha mencionada se llevan a cabo revisiones parciales diarias del contenido web nuevo o modificado, tanto de las plantillas como de las p\u00e1ginas y documentos finales publicados, a fin de asegurar el cumplimiento de los requerimientos de accesibilidad de la Norma UNE- EN 301549:2019, considerando las excepciones del Real Decreto 1112\/2018, de 7 de septiembre.<\/p>\n\n<p>Adicionalmente, este sitio web es revisado por el Observatorio de Accesibilidad Web (OAW), y se ha realizado la \u00faltima revisi\u00f3n en octubre de 2023.<\/p>\n\n<p>Entre otras, se adoptan las siguientes medidas para facilitar la accesibilidad:<\/p>\n\n<p>\u2013 Utilizaci\u00f3n de texto alternativo a las im\u00e1genes<br\/>\u2013 Los enlaces ofrecen detalles de la funci\u00f3n o destino del hiperenlace<br\/>\u2013 Uso de los est\u00e1ndares del W3C: XHTML 1.0, CSS 3.0, WAI AA.<\/p>\n\n<p>Puede consultar en la p\u00e1gina de <a href=\"https:\/\/restaurantmiravall.com\/es\/aviso-legal\/\">Aviso Legal<\/a> para qu\u00e9 navegadores y versiones est\u00e1 optimizado este sitio web.<\/p>\n\n<div style=\"height:100px\" aria-hidden=\"true\" class=\"wp-block-spacer\"><\/div>\n\n<div class=\"wp-block-columns is-layout-flex wp-container-core-columns-is-layout-9d6595d7 wp-block-columns-is-layout-flex\">\n<div class=\"wp-block-column is-layout-flow wp-block-column-is-layout-flow\"><\/div>\n\n\n\n<div class=\"wp-block-column is-layout-flow wp-block-column-is-layout-flow\">\n<div class=\"wp-block-contact-form-7-contact-form-selector\">\n<div class=\"wpcf7 no-js\" id=\"wpcf7-f226-o1\" lang=\"es-ES\" dir=\"ltr\" data-wpcf7-id=\"226\">\n<div class=\"screen-reader-response\"><p role=\"status\" aria-live=\"polite\" aria-atomic=\"true\"><\/p> <ul><\/ul><\/div>\n<form action=\"\/es\/wp-json\/wp\/v2\/pages\/230#wpcf7-f226-o1\" method=\"post\" class=\"wpcf7-form init\" aria-label=\"Formulario de contacto\" novalidate=\"novalidate\" data-status=\"init\">\n<fieldset class=\"hidden-fields-container\"><input type=\"hidden\" name=\"_wpcf7\" value=\"226\" \/><input type=\"hidden\" name=\"_wpcf7_version\" value=\"6.1.5\" \/><input type=\"hidden\" name=\"_wpcf7_locale\" value=\"es_ES\" \/><input type=\"hidden\" name=\"_wpcf7_unit_tag\" value=\"wpcf7-f226-o1\" \/><input type=\"hidden\" name=\"_wpcf7_container_post\" value=\"0\" \/><input type=\"hidden\" name=\"_wpcf7_posted_data_hash\" value=\"\" \/><input type=\"hidden\" name=\"_wpcf7_recaptcha_response\" value=\"\" \/>\n<\/fieldset>\n<section background-color=\"grey\">\n\t<div class=\"column one\">\n\t\t<p><label style=\"color: black;\"><span class=\"wpcf7-form-control-wrap\" data-name=\"your-name\"><input size=\"40\" maxlength=\"400\" class=\"wpcf7-form-control wpcf7-text wpcf7-validates-as-required\" aria-required=\"true\" aria-invalid=\"false\" placeholder=\"Nombre\" value=\"\" type=\"text\" name=\"your-name\" \/><\/span> <\/label>\n\t\t<\/p>\n\t<\/div>\n\t<div class=\"column one-second\" style=\"color: black;\">\n\t\t<p><span class=\"wpcf7-form-control-wrap\" data-name=\"tel-134\"><input size=\"40\" maxlength=\"400\" class=\"wpcf7-form-control wpcf7-tel wpcf7-validates-as-required wpcf7-text wpcf7-validates-as-tel\" aria-required=\"true\" aria-invalid=\"false\" value=\"Tel\u00e8fon\" type=\"tel\" name=\"tel-134\" \/><\/span>\n\t\t<\/p>\n\t<\/div>\n\t<div class=\"column one\">\n\t\t<p><label style=\"color: black;\"><span class=\"wpcf7-form-control-wrap\" data-name=\"your-message\"><textarea cols=\"40\" rows=\"10\" maxlength=\"2000\" class=\"wpcf7-form-control wpcf7-textarea\" aria-invalid=\"false\" placeholder=\"Mensaje\" name=\"your-message\"><\/textarea><\/span> <\/label>\n\t\t<\/p>\n\t<\/div>\n\t<div class=\"column one\">\n\t\t<p><input class=\"wpcf7-form-control wpcf7-submit has-spinner button_full_width\" type=\"submit\" value=\"Envia\" \/>\n\t\t<\/p>\n\t<\/div>\n<\/section><div class=\"wpcf7-response-output\" aria-hidden=\"true\"><\/div>\n<\/form>\n<\/div>\n<\/div>\n<\/div>\n\n\n\n<div class=\"wp-block-column is-layout-flow wp-block-column-is-layout-flow\"><\/div>\n<\/div>\n\n<div style=\"height:100px\" aria-hidden=\"true\" class=\"wp-block-spacer\"><\/div>\n","protected":false},"excerpt":{"rendered":"<p>Declaraci\u00f3n de accesibilidad Restaurant Miravall se ha comprometido a hacer accesibles sus sitios web de conformidad con el Real Decreto 1112\/2018, de 7 de septiembre, sobre<span class=\"excerpt-hellip\"> [\u2026]<\/span><\/p>\n","protected":false},"author":1,"featured_media":0,"parent":0,"menu_order":0,"comment_status":"open","ping_status":"open","template":"","meta":{"footnotes":""},"class_list":["post-230","page","type-page","status-publish","hentry"],"yoast_head":"<!-- This site is optimized with the Yoast SEO plugin v27.4 - https:\/\/yoast.com\/product\/yoast-seo-wordpress\/ -->\n<title>Declaraci\u00f3n de accesibilidad - Restaurant Miravall<\/title>\n<meta name=\"robots\" content=\"index, follow, max-snippet:-1, max-image-preview:large, max-video-preview:-1\" \/>\n<link rel=\"canonical\" href=\"https:\/\/restaurantmiravall.com\/es\/declaracion-de-accesibilidad\/\" \/>\n<meta property=\"og:locale\" content=\"es_ES\" \/>\n<meta property=\"og:type\" content=\"article\" \/>\n<meta property=\"og:title\" content=\"Declaraci\u00f3n de accesibilidad - Restaurant Miravall\" \/>\n<meta property=\"og:description\" content=\"Declaraci\u00f3n de accesibilidad Restaurant Miravall se ha comprometido a hacer accesibles sus sitios web de conformidad con el Real Decreto 1112\/2018, de 7 de septiembre, sobre [\u2026]\" \/>\n<meta property=\"og:url\" content=\"https:\/\/restaurantmiravall.com\/es\/declaracion-de-accesibilidad\/\" \/>\n<meta property=\"og:site_name\" content=\"Restaurant Miravall\" \/>\n<meta property=\"article:modified_time\" content=\"2023-11-14T18:40:45+00:00\" \/>\n<meta name=\"twitter:card\" content=\"summary_large_image\" \/>\n<meta name=\"twitter:label1\" content=\"Tiempo de lectura\" \/>\n\t<meta name=\"twitter:data1\" content=\"4 minutos\" \/>\n<script type=\"application\/ld+json\" class=\"yoast-schema-graph\">{\"@context\":\"https:\\\/\\\/schema.org\",\"@graph\":[{\"@type\":\"WebPage\",\"@id\":\"https:\\\/\\\/restaurantmiravall.com\\\/es\\\/declaracion-de-accesibilidad\\\/\",\"url\":\"https:\\\/\\\/restaurantmiravall.com\\\/es\\\/declaracion-de-accesibilidad\\\/\",\"name\":\"Declaraci\u00f3n de accesibilidad - Restaurant Miravall\",\"isPartOf\":{\"@id\":\"https:\\\/\\\/restaurantmiravall.com\\\/es\\\/#website\"},\"datePublished\":\"2023-11-14T18:01:30+00:00\",\"dateModified\":\"2023-11-14T18:40:45+00:00\",\"breadcrumb\":{\"@id\":\"https:\\\/\\\/restaurantmiravall.com\\\/es\\\/declaracion-de-accesibilidad\\\/#breadcrumb\"},\"inLanguage\":\"es\",\"potentialAction\":[{\"@type\":\"ReadAction\",\"target\":[\"https:\\\/\\\/restaurantmiravall.com\\\/es\\\/declaracion-de-accesibilidad\\\/\"]}]},{\"@type\":\"BreadcrumbList\",\"@id\":\"https:\\\/\\\/restaurantmiravall.com\\\/es\\\/declaracion-de-accesibilidad\\\/#breadcrumb\",\"itemListElement\":[{\"@type\":\"ListItem\",\"position\":1,\"name\":\"Home\",\"item\":\"https:\\\/\\\/restaurantmiravall.com\\\/es\\\/\"},{\"@type\":\"ListItem\",\"position\":2,\"name\":\"Declaraci\u00f3n de accesibilidad\"}]},{\"@type\":\"WebSite\",\"@id\":\"https:\\\/\\\/restaurantmiravall.com\\\/es\\\/#website\",\"url\":\"https:\\\/\\\/restaurantmiravall.com\\\/es\\\/\",\"name\":\"Restaurant Miravall\",\"description\":\"Cocina de mercado y de temporada\",\"potentialAction\":[{\"@type\":\"SearchAction\",\"target\":{\"@type\":\"EntryPoint\",\"urlTemplate\":\"https:\\\/\\\/restaurantmiravall.com\\\/es\\\/?s={search_term_string}\"},\"query-input\":{\"@type\":\"PropertyValueSpecification\",\"valueRequired\":true,\"valueName\":\"search_term_string\"}}],\"inLanguage\":\"es\"}]}<\/script>\n<!-- \/ Yoast SEO plugin. -->","yoast_head_json":{"title":"Declaraci\u00f3n de accesibilidad - Restaurant Miravall","robots":{"index":"index","follow":"follow","max-snippet":"max-snippet:-1","max-image-preview":"max-image-preview:large","max-video-preview":"max-video-preview:-1"},"canonical":"https:\/\/restaurantmiravall.com\/es\/declaracion-de-accesibilidad\/","og_locale":"es_ES","og_type":"article","og_title":"Declaraci\u00f3n de accesibilidad - Restaurant Miravall","og_description":"Declaraci\u00f3n de accesibilidad Restaurant Miravall se ha comprometido a hacer accesibles sus sitios web de conformidad con el Real Decreto 1112\/2018, de 7 de septiembre, sobre [\u2026]","og_url":"https:\/\/restaurantmiravall.com\/es\/declaracion-de-accesibilidad\/","og_site_name":"Restaurant Miravall","article_modified_time":"2023-11-14T18:40:45+00:00","twitter_card":"summary_large_image","twitter_misc":{"Tiempo de lectura":"4 minutos"},"schema":{"@context":"https:\/\/schema.org","@graph":[{"@type":"WebPage","@id":"https:\/\/restaurantmiravall.com\/es\/declaracion-de-accesibilidad\/","url":"https:\/\/restaurantmiravall.com\/es\/declaracion-de-accesibilidad\/","name":"Declaraci\u00f3n de accesibilidad - Restaurant Miravall","isPartOf":{"@id":"https:\/\/restaurantmiravall.com\/es\/#website"},"datePublished":"2023-11-14T18:01:30+00:00","dateModified":"2023-11-14T18:40:45+00:00","breadcrumb":{"@id":"https:\/\/restaurantmiravall.com\/es\/declaracion-de-accesibilidad\/#breadcrumb"},"inLanguage":"es","potentialAction":[{"@type":"ReadAction","target":["https:\/\/restaurantmiravall.com\/es\/declaracion-de-accesibilidad\/"]}]},{"@type":"BreadcrumbList","@id":"https:\/\/restaurantmiravall.com\/es\/declaracion-de-accesibilidad\/#breadcrumb","itemListElement":[{"@type":"ListItem","position":1,"name":"Home","item":"https:\/\/restaurantmiravall.com\/es\/"},{"@type":"ListItem","position":2,"name":"Declaraci\u00f3n de accesibilidad"}]},{"@type":"WebSite","@id":"https:\/\/restaurantmiravall.com\/es\/#website","url":"https:\/\/restaurantmiravall.com\/es\/","name":"Restaurant Miravall","description":"Cocina de mercado y de temporada","potentialAction":[{"@type":"SearchAction","target":{"@type":"EntryPoint","urlTemplate":"https:\/\/restaurantmiravall.com\/es\/?s={search_term_string}"},"query-input":{"@type":"PropertyValueSpecification","valueRequired":true,"valueName":"search_term_string"}}],"inLanguage":"es"}]}},"_links":{"self":[{"href":"https:\/\/restaurantmiravall.com\/es\/wp-json\/wp\/v2\/pages\/230","targetHints":{"allow":["GET"]}}],"collection":[{"href":"https:\/\/restaurantmiravall.com\/es\/wp-json\/wp\/v2\/pages"}],"about":[{"href":"https:\/\/restaurantmiravall.com\/es\/wp-json\/wp\/v2\/types\/page"}],"author":[{"embeddable":true,"href":"https:\/\/restaurantmiravall.com\/es\/wp-json\/wp\/v2\/users\/1"}],"replies":[{"embeddable":true,"href":"https:\/\/restaurantmiravall.com\/es\/wp-json\/wp\/v2\/comments?post=230"}],"version-history":[{"count":6,"href":"https:\/\/restaurantmiravall.com\/es\/wp-json\/wp\/v2\/pages\/230\/revisions"}],"predecessor-version":[{"id":244,"href":"https:\/\/restaurantmiravall.com\/es\/wp-json\/wp\/v2\/pages\/230\/revisions\/244"}],"wp:attachment":[{"href":"https:\/\/restaurantmiravall.com\/es\/wp-json\/wp\/v2\/media?parent=230"}],"curies":[{"name":"wp","href":"https:\/\/api.w.org\/{rel}","templated":true}]}}